{"id":92,"date":"2024-03-01T15:59:10","date_gmt":"2024-03-01T14:59:10","guid":{"rendered":"https:\/\/misterflech.fr\/shop\/?page_id=92"},"modified":"2024-03-18T21:02:48","modified_gmt":"2024-03-18T20:02:48","slug":"mentions-legales","status":"publish","type":"page","link":"https:\/\/misterflech.fr\/shop\/mentions-legales\/","title":{"rendered":"Mentions L\u00e9gales"},"content":{"rendered":"\n<p><em>En vigueur au 01\/03\/2024<\/em><\/p>\n\n\n\n<p><br>Conform\u00e9ment aux dispositions des Articles 6-III et 19 de la Loi n\u00b02004-575 du 21 juin 2004 pour la Confiance dans l\u2019\u00e9conomie num\u00e9rique, dite L.C.E.N., il est port\u00e9 \u00e0 la connaissance des utilisateurs et visiteurs, ci-apr\u00e8s l&rsquo; \u201c<strong>Utilisateur<\/strong>\u201d, du site misterflech.fr , ci-apr\u00e8s le \u201c<strong>Site<\/strong>\u201d, les pr\u00e9sentes mentions l\u00e9gales.<\/p>\n\n\n\n<p>La connexion et la navigation sur le <strong>Site <\/strong>par l\u2019<strong>Utilisateur <\/strong>implique acceptation int\u00e9grale et sans r\u00e9serve des pr\u00e9sentes mentions l\u00e9gales.<br>Ces derni\u00e8res sont accessibles sur le <strong>Site <\/strong>\u00e0 la rubrique \u201c<strong>Mentions l\u00e9gales<\/strong>\u201d.<\/p>\n\n\n\n<h4 class=\"wp-block-heading\">ARTICLE 1 &#8211; L&rsquo;EDITEUR<\/h4>\n\n\n\n<p>L&rsquo;\u00e9dition du <strong>Site <\/strong>est assur\u00e9e par FLECHE MEDIAS, SAS au capital de 1000 euros, immatricul\u00e9e au Registre du Commerce et des Soci\u00e9t\u00e9s de Bordeaux sous le num\u00e9ro 889591855 dont le si\u00e8ge social est situ\u00e9 au 13 rue Guillaume Arnaud de la Motte, 33430 BAZAS,<br>Adresse e-mail : flechemedias@gmail.com,<br>N\u00b0 de TVA intracommunautaire : FR27889591855,<br>ci-apr\u00e8s l&rsquo; \u201c<strong>Editeur<\/strong>\u201d.<\/p>\n\n\n\n<h4 class=\"wp-block-heading\">ARTICLE 2 &#8211; L&rsquo;HEBERGEUR<\/h4>\n\n\n\n<p>L&rsquo;h\u00e9bergeur du <strong>Site <\/strong>est la soci\u00e9t\u00e9 OVH, dont le si\u00e8ge social est situ\u00e9 au 2 rue Kellermann 59100 Roubaix.<\/p>\n\n\n\n<h4 class=\"wp-block-heading\">ARTICLE 3 &#8211; ACCES AU SITE<\/h4>\n\n\n\n<p>Le <strong>Site <\/strong>est accessible en tout endroit, 7j\/7, 24h\/24 sauf cas de force majeure, interruption programm\u00e9e ou non et pouvant d\u00e9coulant d\u2019une n\u00e9cessit\u00e9 de maintenance.<br>En cas de modification, interruption ou suspension du <strong>Site<\/strong>, l&rsquo;<strong>Editeur<\/strong> ne saurait \u00eatre tenu responsable.<br>L&rsquo;<strong>Utilisateur <\/strong>s&rsquo;engage \u00e0 ne pas utiliser ce <strong>Site <\/strong>et les informations ou donn\u00e9es qui y figurent \u00e0 des fins commerciales, politiques, publicitaires et pour toute forme de sollicitation commerciale et notamment l&rsquo;envoi de courriers \u00e9lectroniques non sollicit\u00e9s.<\/p>\n\n\n\n<h4 class=\"wp-block-heading\">ARTICLE 4 &#8211; CONTENU DU SITE<\/h4>\n\n\n\n<p>Toutes les marques, photographies, textes, commentaires, illustrations, images anim\u00e9es ou non, s\u00e9quences vid\u00e9o, sons, ainsi que toutes les applications informatiques qui pourraient \u00eatre utilis\u00e9es pour faire fonctionner ce <strong>Site <\/strong>et plus g\u00e9n\u00e9ralement tous les \u00e9l\u00e9ments reproduits ou utilis\u00e9s sur le <strong>Site <\/strong>sont prot\u00e9g\u00e9s par les lois en vigueur au titre de la propri\u00e9t\u00e9 intellectuelle.<br>Ils sont la propri\u00e9t\u00e9 pleine et enti\u00e8re de l&rsquo;<strong>Editeur<\/strong> ou de ses partenaires. Toute reproduction, repr\u00e9sentation, utilisation ou adaptation, sous quelque forme que ce soit, de tout ou partie de ces \u00e9l\u00e9ments, y compris les applications informatiques, sans l&rsquo;accord pr\u00e9alable et \u00e9crit de l&rsquo;\u00e9diteur, sont strictement interdites. Le fait pour l&rsquo;<strong>Editeur <\/strong>de ne pas engager de proc\u00e9dure d\u00e8s la prise de connaissance de ces utilisations non autoris\u00e9es ne vaut pas acceptation desdites utilisations et renonciation aux poursuites.<\/p>\n\n\n\n<h4 class=\"wp-block-heading\">Article 5 &#8211; Gestion du site<\/h4>\n\n\n\n<p>Pour la bonne gestion du site, l&rsquo;\u00e9diteur pourra \u00e0 tout moment :<\/p>\n\n\n\n<ul class=\"wp-block-list\">\n<li>suspendre, interrompre ou limiter l&rsquo;acc\u00e8s \u00e0 tout ou partie du <strong>Site<\/strong>, r\u00e9server l&rsquo;acc\u00e8s au site, ou \u00e0 certaines parties du <strong>Site<\/strong>, \u00e0 une cat\u00e9gorie d\u00e9termin\u00e9e d&rsquo;internautes ;<\/li>\n\n\n\n<li>supprimer toute information pouvant en perturber le fonctionnement ou entrant en contravention avec les lois nationales ou internationales ;<\/li>\n\n\n\n<li>suspendre le <strong>Site <\/strong>afin de proc\u00e9der \u00e0 des mises \u00e0 jour.<\/li>\n<\/ul>\n\n\n\n<h4 class=\"wp-block-heading\">Article 6 &#8211; Responsabilit\u00e9s<\/h4>\n\n\n\n<p>Comme \u00e9nonc\u00e9 dans l&rsquo;Article 3, la responsabilit\u00e9 de l&rsquo;<strong>Editeur <\/strong>ne peut \u00eatre engag\u00e9e en cas de d\u00e9faillance, panne, difficult\u00e9 ou interruption de fonctionnement, emp\u00eachant l&rsquo;acc\u00e8s au <strong>Site <\/strong>ou \u00e0 une de ses fonctionnalit\u00e9s.<\/p>\n\n\n\n<p>Le mat\u00e9riel de connexion au <strong>Site <\/strong>que vous utilisez est sous votre enti\u00e8re responsabilit\u00e9. Vous devez prendre toutes les mesures appropri\u00e9es pour prot\u00e9ger votre mat\u00e9riel et vos propres donn\u00e9es notamment d&rsquo;attaques virales par Internet. Vous \u00eates par ailleurs seul responsable des sites et donn\u00e9es que vous consultez.<\/p>\n\n\n\n<p>L&rsquo;<strong>Editeur <\/strong>ne pourra \u00eatre tenu responsable en cas de poursuites judiciaires \u00e0 votre encontre :<\/p>\n\n\n\n<ul class=\"wp-block-list\">\n<li>du fait de l&rsquo;usage du <strong>Site <\/strong>ou de tout service accessible via Internet ;<\/li>\n\n\n\n<li>du fait du non-respect par vous des pr\u00e9sentes conditions g\u00e9n\u00e9rales. <\/li>\n<\/ul>\n\n\n\n<p>L&rsquo;<strong>Editeur <\/strong>n&rsquo;est pas responsable des dommages caus\u00e9s \u00e0 vous-m\u00eame, \u00e0 des  tiers et\/ou \u00e0 votre \u00e9quipement du fait de votre connexion ou de votre  utilisation du <strong>Site <\/strong>et vous renoncez \u00e0 toute action contre lui de ce fait.<\/p>\n\n\n\n<p>Si l&rsquo;<strong>Editeur <\/strong>venait \u00e0 faire l&rsquo;objet d&rsquo;une proc\u00e9dure amiable ou  judiciaire en raison de votre utilisation du <strong>Site<\/strong>, il pourra se retourner contre vous pour obtenir l&rsquo;indemnisation de tous les pr\u00e9judices, sommes, condamnations et frais qui pourraient d\u00e9couler de cette proc\u00e9dure.<\/p>\n\n\n\n<h4 class=\"wp-block-heading\">Article 7 &#8211; Liens hypertextes<\/h4>\n\n\n\n<p>La mise en place par les utilisateurs de tous liens hypertextes vers tout ou partie du Site est autoris\u00e9e par l&rsquo;<strong>Editeur<\/strong>. Tout lien devra \u00eatre retir\u00e9 sur simple demande de l&rsquo;<strong>Editeur<\/strong>. Toute information accessible via un lien vers d&rsquo;autres sites n&rsquo;est pas publi\u00e9e par l&rsquo;<strong>Editeur<\/strong>. L&rsquo;<strong>Editeur <\/strong>ne dispose d&rsquo;aucun droit sur le contenu pr\u00e9sent dans ledit lien.<\/p>\n\n\n\n<h4 class=\"wp-block-heading\">Article 8 &#8211; Collecte et protection des donn\u00e9es<\/h4>\n\n\n\n<p>Vos donn\u00e9es sont collect\u00e9es par l&rsquo;<strong>Editeur<\/strong>.<br>Une donn\u00e9e \u00e0 caract\u00e8re personnel d\u00e9signe toute information concernant une personne physique identifi\u00e9e ou identifiable (personne concern\u00e9e) ; est r\u00e9put\u00e9e identifiable une personne qui peut \u00eatre identifi\u00e9e, directement ou indirectement, notamment par r\u00e9f\u00e9rence \u00e0 un nom, un num\u00e9ro d&rsquo;identification ou \u00e0 un ou plusieurs \u00e9l\u00e9ments sp\u00e9cifiques, propres \u00e0 son identit\u00e9 physique, physiologique, g\u00e9n\u00e9tique, psychique, \u00e9conomique, culturelle ou sociale.<\/p>\n\n\n\n<p>Le <strong>Site <\/strong>assure \u00e0 l&rsquo;<strong>Utilisateur <\/strong>une collecte et un traitement d&rsquo;informations personnelles dans le respect de la vie priv\u00e9e conform\u00e9ment \u00e0 la loi n\u00b078-17 du 6 janvier 1978 relative \u00e0 l&rsquo;informatique, aux fichiers et aux libert\u00e9s.<br><br>En vertu de la loi Informatique et Libert\u00e9s, en date du 6 janvier 1978, l&rsquo;<strong>Utilisateur <\/strong>dispose d&rsquo;un droit d&rsquo;acc\u00e8s, de rectification, de suppression et d&rsquo;opposition de ses donn\u00e9es personnelles. L&rsquo;<strong>Utilisateur<\/strong> exerce ce droit :<br>\u00b7 par mail \u00e0 l&rsquo;adresse email FLECHEMEDIAS@GMAIL.COM<br>\u00b7 via son espace personnel ;<br><br>Afin de proc\u00e9der au bon d\u00e9roulement de l&rsquo;activit\u00e9 de la boutique, les donn\u00e9es personnelles collect\u00e9es sont les suivantes :<\/p>\n\n\n\n<ul class=\"wp-block-list\">\n<li>nom et pr\u00e9nom<\/li>\n\n\n\n<li>adresse postale<\/li>\n\n\n\n<li>adresse mail<\/li>\n\n\n\n<li>num\u00e9ro de t\u00e9l\u00e9phone<\/li>\n\n\n\n<li>adresse IP<\/li>\n<\/ul>\n\n\n\n<h4 class=\"wp-block-heading\">Article 9 &#8211; Politique de conservation des donn\u00e9es<\/h4>\n\n\n\n<p>L&rsquo;<strong>Editeur <\/strong>conserve les donn\u00e9es de l&rsquo;<strong>Utilisateur <\/strong>pour la dur\u00e9e n\u00e9cessaire pour vous fournir ses services ou son assistance.<br>Dans la mesure raisonnablement n\u00e9cessaire ou requise pour satisfaire aux obligations l\u00e9gales ou r\u00e9glementaires, r\u00e9gler des litiges, emp\u00eacher les fraudes et abus ou appliquer nos modalit\u00e9s et conditions, nous pouvons \u00e9galement conserver certaines de vos informations si n\u00e9cessaire, m\u00eame apr\u00e8s que vous ayez ferm\u00e9 votre compte ou que nous n&rsquo;ayons plus besoin pour vous fournir nos services.<\/p>\n\n\n\n<h4 class=\"wp-block-heading\">Article 10 &#8211; Partage des donn\u00e9es personnelles avec des tiers<\/h4>\n\n\n\n<p>Les donn\u00e9es personnelles peuvent \u00eatre partag\u00e9es avec des soci\u00e9t\u00e9s tierces exclusivement dans l\u2019Union europ\u00e9enne, dans les cas suivants :<\/p>\n\n\n\n<ul class=\"wp-block-list\">\n<li>lorsque l&rsquo;utilisateur publie, dans les zones de commentaires libres du <strong>Site<\/strong>, des informations accessibles au public ;<\/li>\n\n\n\n<li>quand l&rsquo;<strong>Utilisateur <\/strong>autorise le site web d&rsquo;un tiers \u00e0 acc\u00e9der \u00e0 ses donn\u00e9es<\/li>\n\n\n\n<li>quand l&rsquo;<strong>Editeur <\/strong>recourt aux services de prestataires pour fournir l&rsquo;assistance utilisateurs, la publicit\u00e9 et les services de paiement. Ces prestataires disposent d&rsquo;un acc\u00e8s limit\u00e9 aux donn\u00e9es de l&rsquo;<strong>Utilisateur<\/strong>, dans le cadre de l&rsquo;ex\u00e9cution de ces prestations, et ont l&rsquo;obligation contractuelle de les utiliser en conformit\u00e9 avec les dispositions de la r\u00e9glementation applicable en mati\u00e8re protection des donn\u00e9es \u00e0 caract\u00e8re personnel ;<\/li>\n\n\n\n<li>si la loi l&rsquo;exige, l&rsquo;<strong>Editeur <\/strong>peut effectuer la transmission de donn\u00e9es pour donner suite aux r\u00e9clamations pr\u00e9sent\u00e9es contre lui et se conformer aux proc\u00e9dures administratives et judiciaires.<\/li>\n<\/ul>\n\n\n\n<h4 class=\"wp-block-heading\">Article 11 &#8211; Offres commerciales<\/h4>\n\n\n\n<p>Vous \u00eates susceptible de recevoir des offres commerciales de l&rsquo;<strong>Editeur<\/strong>. Si vous ne le souhaitez pas, veuillez r\u00e9gler les options de votre Compte sur le Site, ou nous contacter \u00e0 l&rsquo;adresse suivante : flechemedias@gmail.com.<\/p>\n\n\n\n<h4 class=\"wp-block-heading\">Article 12 &#8211; Cookies<\/h4>\n\n\n\n<p>Qu\u2019est-ce qu\u2019un \u201ccookie\u201d ?<br>Un \u201cCookie\u201d ou traceur est un fichier \u00e9lectronique d\u00e9pos\u00e9 sur un terminal (ordinateur, tablette, smartphone,\u2026) et lu par exemple lors de la consultation d&rsquo;un site internet, de la lecture d&rsquo;un courrier \u00e9lectronique, de l&rsquo;installation ou de l&rsquo;utilisation d&rsquo;un logiciel ou d&rsquo;une application mobile et ce, quel que soit le type de terminal utilis\u00e9 (source : https:\/\/www.cnil.fr\/fr\/cookies-traceurs-que-dit-la-loi).<br>Le <strong>Site <\/strong>peut collecter automatiquement des informations standards. Toutes les informations collect\u00e9es indirectement ne seront utilis\u00e9es que pour suivre le volume, le type et la configuration du trafic utilisant ce site, pour en d\u00e9velopper la conception et l&rsquo;agencement et \u00e0 d&rsquo;autres fins administratives et de planification et plus g\u00e9n\u00e9ralement pour am\u00e9liorer le service que nous vous offrons.<\/p>\n\n\n\n<p>Le cas \u00e9ch\u00e9ant, des \u201ccookies\u201d \u00e9manant de l&rsquo;\u00e9diteur du site et\/ou des soci\u00e9t\u00e9s tiers pourront \u00eatre d\u00e9pos\u00e9s sur votre terminal, avec votre accord. Dans ce cas, lors de la premi\u00e8re navigation sur ce site, une banni\u00e8re explicative sur l\u2019utilisation des \u201ccookies\u201d appara\u00eetra. Avant de poursuivre la navigation, le client et\/ou le prospect devra accepter ou refuser l\u2019utilisation desdits \u201ccookies\u201d. Le consentement donn\u00e9 sera valable pour une p\u00e9riode de treize (13) mois. L&rsquo;<strong>Utilisateur <\/strong>a la possibilit\u00e9 de d\u00e9sactiver les cookies \u00e0 tout moment.<\/p>\n\n\n\n<p>La dur\u00e9e de vie de ces cookies est de treize mois.<\/p>\n\n\n\n<h4 class=\"wp-block-heading\">Article 13 &#8211; Photographies et repr\u00e9sentation des produits<\/h4>\n\n\n\n<p>Les photographies de produits, accompagnant leur description, ne sont pas contractuelles et n&rsquo;engagent pas l&rsquo;\u00e9diteur.<\/p>\n\n\n\n<h4 class=\"wp-block-heading\">Article 14 &#8211; Loi applicable<\/h4>\n\n\n\n<p>Les pr\u00e9sentes conditions d&rsquo;utilisation du site sont r\u00e9gies par la loi fran\u00e7aise et soumises \u00e0 la comp\u00e9tence des tribunaux du si\u00e8ge social de l&rsquo;\u00e9diteur, sous r\u00e9serve d&rsquo;une attribution de comp\u00e9tence sp\u00e9cifique d\u00e9coulant d&rsquo;un texte de loi ou r\u00e9glementaire particulier.<\/p>\n\n\n\n<h4 class=\"wp-block-heading\">Article 15 &#8211; Contactez-nous<\/h4>\n\n\n\n<p>Pour toute question, information sur les produits pr\u00e9sent\u00e9s sur le site, ou concernant le site lui-m\u00eame, vous pouvez laisser un message \u00e0 l&rsquo;adresse suivante : flechemedias@gmail.com.<\/p>\n","protected":false},"excerpt":{"rendered":"<p>En vigueur au 01\/03\/2024 Conform\u00e9ment aux dispositions des Articles 6-III et 19 de la Loi n\u00b02004-575 du 21 juin 2004 pour la Confiance dans l\u2019\u00e9conomie num\u00e9rique, dite L.C.E.N., il est port\u00e9 \u00e0 la connaissance des utilisateurs et visiteurs, ci-apr\u00e8s l&rsquo; \u201cUtilisateur\u201d, du site misterflech.fr , ci-apr\u00e8s le \u201cSite\u201d, les pr\u00e9sentes mentions l\u00e9gales. La connexion et [&hellip;]<\/p>\n","protected":false},"author":1,"featured_media":0,"parent":0,"menu_order":0,"comment_status":"closed","ping_status":"closed","template":"","meta":{"footnotes":""},"class_list":["post-92","page","type-page","status-publish","hentry"],"yoast_head":"<!-- This site is optimized with the Yoast SEO plugin v27.5 - https:\/\/yoast.com\/product\/yoast-seo-wordpress\/ -->\n<title>Mentions L\u00e9gales - Mister Flech - Boutique officielle<\/title>\n<meta name=\"robots\" content=\"index, follow, max-snippet:-1, max-image-preview:large, max-video-preview:-1\" \/>\n<link rel=\"canonical\" href=\"https:\/\/misterflech.fr\/shop\/mentions-legales\/\" \/>\n<meta property=\"og:locale\" content=\"fr_FR\" \/>\n<meta property=\"og:type\" content=\"article\" \/>\n<meta property=\"og:title\" content=\"Mentions L\u00e9gales - Mister Flech - Boutique officielle\" \/>\n<meta property=\"og:description\" content=\"En vigueur au 01\/03\/2024 Conform\u00e9ment aux dispositions des Articles 6-III et 19 de la Loi n\u00b02004-575 du 21 juin 2004 pour la Confiance dans l\u2019\u00e9conomie num\u00e9rique, dite L.C.E.N., il est port\u00e9 \u00e0 la connaissance des utilisateurs et visiteurs, ci-apr\u00e8s l&rsquo; \u201cUtilisateur\u201d, du site misterflech.fr , ci-apr\u00e8s le \u201cSite\u201d, les pr\u00e9sentes mentions l\u00e9gales. La connexion et [&hellip;]\" \/>\n<meta property=\"og:url\" content=\"https:\/\/misterflech.fr\/shop\/mentions-legales\/\" \/>\n<meta property=\"og:site_name\" content=\"Mister Flech - Boutique officielle\" \/>\n<meta property=\"article:publisher\" content=\"https:\/\/www.facebook.com\/mrflechresetsystem\" \/>\n<meta property=\"article:modified_time\" content=\"2024-03-18T20:02:48+00:00\" \/>\n<meta name=\"twitter:card\" content=\"summary_large_image\" \/>\n<meta name=\"twitter:site\" content=\"@MisterFlech\" \/>\n<meta name=\"twitter:label1\" content=\"Dur\u00e9e de lecture estim\u00e9e\" \/>\n\t<meta name=\"twitter:data1\" content=\"8 minutes\" \/>\n<script type=\"application\/ld+json\" class=\"yoast-schema-graph\">{\"@context\":\"https:\\\/\\\/schema.org\",\"@graph\":[{\"@type\":\"WebPage\",\"@id\":\"https:\\\/\\\/misterflech.fr\\\/shop\\\/mentions-legales\\\/\",\"url\":\"https:\\\/\\\/misterflech.fr\\\/shop\\\/mentions-legales\\\/\",\"name\":\"Mentions L\u00e9gales - Mister Flech - Boutique officielle\",\"isPartOf\":{\"@id\":\"https:\\\/\\\/misterflech.fr\\\/shop\\\/#website\"},\"datePublished\":\"2024-03-01T14:59:10+00:00\",\"dateModified\":\"2024-03-18T20:02:48+00:00\",\"breadcrumb\":{\"@id\":\"https:\\\/\\\/misterflech.fr\\\/shop\\\/mentions-legales\\\/#breadcrumb\"},\"inLanguage\":\"fr-FR\",\"potentialAction\":[{\"@type\":\"ReadAction\",\"target\":[\"https:\\\/\\\/misterflech.fr\\\/shop\\\/mentions-legales\\\/\"]}]},{\"@type\":\"BreadcrumbList\",\"@id\":\"https:\\\/\\\/misterflech.fr\\\/shop\\\/mentions-legales\\\/#breadcrumb\",\"itemListElement\":[{\"@type\":\"ListItem\",\"position\":1,\"name\":\"Accueil\",\"item\":\"https:\\\/\\\/misterflech.fr\\\/shop\\\/\"},{\"@type\":\"ListItem\",\"position\":2,\"name\":\"Mentions L\u00e9gales\"}]},{\"@type\":\"WebSite\",\"@id\":\"https:\\\/\\\/misterflech.fr\\\/shop\\\/#website\",\"url\":\"https:\\\/\\\/misterflech.fr\\\/shop\\\/\",\"name\":\"Mister Flech - Boutique officielle\",\"description\":\"\",\"publisher\":{\"@id\":\"https:\\\/\\\/misterflech.fr\\\/shop\\\/#organization\"},\"potentialAction\":[{\"@type\":\"SearchAction\",\"target\":{\"@type\":\"EntryPoint\",\"urlTemplate\":\"https:\\\/\\\/misterflech.fr\\\/shop\\\/?s={search_term_string}\"},\"query-input\":{\"@type\":\"PropertyValueSpecification\",\"valueRequired\":true,\"valueName\":\"search_term_string\"}}],\"inLanguage\":\"fr-FR\"},{\"@type\":\"Organization\",\"@id\":\"https:\\\/\\\/misterflech.fr\\\/shop\\\/#organization\",\"name\":\"Mister Flech\",\"url\":\"https:\\\/\\\/misterflech.fr\\\/shop\\\/\",\"logo\":{\"@type\":\"ImageObject\",\"inLanguage\":\"fr-FR\",\"@id\":\"https:\\\/\\\/misterflech.fr\\\/shop\\\/#\\\/schema\\\/logo\\\/image\\\/\",\"url\":\"https:\\\/\\\/misterflech.fr\\\/shop\\\/wp-content\\\/uploads\\\/2024\\\/02\\\/Logo.png\",\"contentUrl\":\"https:\\\/\\\/misterflech.fr\\\/shop\\\/wp-content\\\/uploads\\\/2024\\\/02\\\/Logo.png\",\"width\":1727,\"height\":171,\"caption\":\"Mister Flech\"},\"image\":{\"@id\":\"https:\\\/\\\/misterflech.fr\\\/shop\\\/#\\\/schema\\\/logo\\\/image\\\/\"},\"sameAs\":[\"https:\\\/\\\/www.facebook.com\\\/mrflechresetsystem\",\"https:\\\/\\\/x.com\\\/MisterFlech\",\"https:\\\/\\\/www.instagram.com\\\/mister_flech\\\/\",\"https:\\\/\\\/www.youtube.com\\\/misterflech\"]}]}<\/script>\n<!-- \/ Yoast SEO plugin. -->","yoast_head_json":{"title":"Mentions L\u00e9gales - Mister Flech - Boutique officielle","robots":{"index":"index","follow":"follow","max-snippet":"max-snippet:-1","max-image-preview":"max-image-preview:large","max-video-preview":"max-video-preview:-1"},"canonical":"https:\/\/misterflech.fr\/shop\/mentions-legales\/","og_locale":"fr_FR","og_type":"article","og_title":"Mentions L\u00e9gales - Mister Flech - Boutique officielle","og_description":"En vigueur au 01\/03\/2024 Conform\u00e9ment aux dispositions des Articles 6-III et 19 de la Loi n\u00b02004-575 du 21 juin 2004 pour la Confiance dans l\u2019\u00e9conomie num\u00e9rique, dite L.C.E.N., il est port\u00e9 \u00e0 la connaissance des utilisateurs et visiteurs, ci-apr\u00e8s l&rsquo; \u201cUtilisateur\u201d, du site misterflech.fr , ci-apr\u00e8s le \u201cSite\u201d, les pr\u00e9sentes mentions l\u00e9gales. La connexion et [&hellip;]","og_url":"https:\/\/misterflech.fr\/shop\/mentions-legales\/","og_site_name":"Mister Flech - Boutique officielle","article_publisher":"https:\/\/www.facebook.com\/mrflechresetsystem","article_modified_time":"2024-03-18T20:02:48+00:00","twitter_card":"summary_large_image","twitter_site":"@MisterFlech","twitter_misc":{"Dur\u00e9e de lecture estim\u00e9e":"8 minutes"},"schema":{"@context":"https:\/\/schema.org","@graph":[{"@type":"WebPage","@id":"https:\/\/misterflech.fr\/shop\/mentions-legales\/","url":"https:\/\/misterflech.fr\/shop\/mentions-legales\/","name":"Mentions L\u00e9gales - Mister Flech - Boutique officielle","isPartOf":{"@id":"https:\/\/misterflech.fr\/shop\/#website"},"datePublished":"2024-03-01T14:59:10+00:00","dateModified":"2024-03-18T20:02:48+00:00","breadcrumb":{"@id":"https:\/\/misterflech.fr\/shop\/mentions-legales\/#breadcrumb"},"inLanguage":"fr-FR","potentialAction":[{"@type":"ReadAction","target":["https:\/\/misterflech.fr\/shop\/mentions-legales\/"]}]},{"@type":"BreadcrumbList","@id":"https:\/\/misterflech.fr\/shop\/mentions-legales\/#breadcrumb","itemListElement":[{"@type":"ListItem","position":1,"name":"Accueil","item":"https:\/\/misterflech.fr\/shop\/"},{"@type":"ListItem","position":2,"name":"Mentions L\u00e9gales"}]},{"@type":"WebSite","@id":"https:\/\/misterflech.fr\/shop\/#website","url":"https:\/\/misterflech.fr\/shop\/","name":"Mister Flech - Boutique officielle","description":"","publisher":{"@id":"https:\/\/misterflech.fr\/shop\/#organization"},"potentialAction":[{"@type":"SearchAction","target":{"@type":"EntryPoint","urlTemplate":"https:\/\/misterflech.fr\/shop\/?s={search_term_string}"},"query-input":{"@type":"PropertyValueSpecification","valueRequired":true,"valueName":"search_term_string"}}],"inLanguage":"fr-FR"},{"@type":"Organization","@id":"https:\/\/misterflech.fr\/shop\/#organization","name":"Mister Flech","url":"https:\/\/misterflech.fr\/shop\/","logo":{"@type":"ImageObject","inLanguage":"fr-FR","@id":"https:\/\/misterflech.fr\/shop\/#\/schema\/logo\/image\/","url":"https:\/\/misterflech.fr\/shop\/wp-content\/uploads\/2024\/02\/Logo.png","contentUrl":"https:\/\/misterflech.fr\/shop\/wp-content\/uploads\/2024\/02\/Logo.png","width":1727,"height":171,"caption":"Mister Flech"},"image":{"@id":"https:\/\/misterflech.fr\/shop\/#\/schema\/logo\/image\/"},"sameAs":["https:\/\/www.facebook.com\/mrflechresetsystem","https:\/\/x.com\/MisterFlech","https:\/\/www.instagram.com\/mister_flech\/","https:\/\/www.youtube.com\/misterflech"]}]}},"_links":{"self":[{"href":"https:\/\/misterflech.fr\/shop\/wp-json\/wp\/v2\/pages\/92","targetHints":{"allow":["GET"]}}],"collection":[{"href":"https:\/\/misterflech.fr\/shop\/wp-json\/wp\/v2\/pages"}],"about":[{"href":"https:\/\/misterflech.fr\/shop\/wp-json\/wp\/v2\/types\/page"}],"author":[{"embeddable":true,"href":"https:\/\/misterflech.fr\/shop\/wp-json\/wp\/v2\/users\/1"}],"replies":[{"embeddable":true,"href":"https:\/\/misterflech.fr\/shop\/wp-json\/wp\/v2\/comments?post=92"}],"version-history":[{"count":2,"href":"https:\/\/misterflech.fr\/shop\/wp-json\/wp\/v2\/pages\/92\/revisions"}],"predecessor-version":[{"id":147,"href":"https:\/\/misterflech.fr\/shop\/wp-json\/wp\/v2\/pages\/92\/revisions\/147"}],"wp:attachment":[{"href":"https:\/\/misterflech.fr\/shop\/wp-json\/wp\/v2\/media?parent=92"}],"curies":[{"name":"wp","href":"https:\/\/api.w.org\/{rel}","templated":true}]}}